{"id":6520,"date":"2026-05-02T09:39:07","date_gmt":"2026-05-02T08:39:07","guid":{"rendered":"https:\/\/helenegugenheim.com\/?page_id=6520"},"modified":"2026-05-02T09:39:07","modified_gmt":"2026-05-02T08:39:07","slug":"2042-2","status":"publish","type":"page","link":"https:\/\/helenegugenheim.com\/","title":{"rendered":"2042"},"content":{"rendered":"\n<p class=\"has-small-font-size\">En 2042, nous les humains, nous avons arr\u00eat\u00e9 la pollution plastique. La performance fait exister un futur possible dans lequel nous nous sommes enfin extrait\u00b7es de l\u2019id\u00e9e de Civilisation occidentale pour rejoindre le Petit peuple. Ce changement de mode relationnel entre humains, mais aussi avec les autres vivants, entra\u00eene une fabrique collective plus heureuse de nos lieux et conditions de vie.<br><br><strong>Restitution les 2 et 3 juin 2026<\/strong> \u00e0 18h aux Ateliers interm\u00e9diaires Caen (sur inscription)<\/p>\n\n\n\n<figure class=\"wp-block-image size-large\"><img loading=\"lazy\" decoding=\"async\" width=\"1024\" height=\"681\" src=\"http:\/\/helenegugenheim.com\/wp-content\/uploads\/2025\/12\/08-bis-DSC_8322-1024x681.jpg\" alt=\"\" class=\"wp-image-6359\" srcset=\"https:\/\/helenegugenheim.com\/wp-content\/uploads\/2025\/12\/08-bis-DSC_8322-1024x681.jpg 1024w, https:\/\/helenegugenheim.com\/wp-content\/uploads\/2025\/12\/08-bis-DSC_8322-300x200.jpg 300w, https:\/\/helenegugenheim.com\/wp-content\/uploads\/2025\/12\/08-bis-DSC_8322-768x511.jpg 768w, https:\/\/helenegugenheim.com\/wp-content\/uploads\/2025\/12\/08-bis-DSC_8322-1536x1022.jpg 1536w, https:\/\/helenegugenheim.com\/wp-content\/uploads\/2025\/12\/08-bis-DSC_8322-2048x1363.jpg 2048w\" sizes=\"auto, (max-width: 1024px) 100vw, 1024px\" \/><\/figure>\n\n\n\n<p style=\"font-size:10px\"><em>En 2026, les microplastiques passaient la peau, la respiration, l\u2019alimentation, et nos corps ne pouvant, ni les assimiler ni d\u00e9truire, on les stockait, un petit peu plus chaque jour<\/em>, Archives du futur 8\/13, dessin au crayon de couleur sur papier, 21&#215;29,7cm, performance 2042, H\u00e9l\u00e8ne Gugenheim 2026.<\/p>\n\n\n\n<div style=\"height:28px\" aria-hidden=\"true\" class=\"wp-block-spacer\"><\/div>\n\n\n\n<div class=\"wp-block-media-text is-stacked-on-mobile\"><figure class=\"wp-block-media-text__media\"><img loading=\"lazy\" decoding=\"async\" width=\"632\" height=\"1024\" src=\"http:\/\/helenegugenheim.com\/wp-content\/uploads\/2025\/12\/IMG_20251109_135234-r-632x1024.jpg\" alt=\"\" class=\"wp-image-6348 size-full\" srcset=\"https:\/\/helenegugenheim.com\/wp-content\/uploads\/2025\/12\/IMG_20251109_135234-r-632x1024.jpg 632w, https:\/\/helenegugenheim.com\/wp-content\/uploads\/2025\/12\/IMG_20251109_135234-r-185x300.jpg 185w, https:\/\/helenegugenheim.com\/wp-content\/uploads\/2025\/12\/IMG_20251109_135234-r-768x1244.jpg 768w, https:\/\/helenegugenheim.com\/wp-content\/uploads\/2025\/12\/IMG_20251109_135234-r-948x1536.jpg 948w, https:\/\/helenegugenheim.com\/wp-content\/uploads\/2025\/12\/IMG_20251109_135234-r-1264x2048.jpg 1264w, https:\/\/helenegugenheim.com\/wp-content\/uploads\/2025\/12\/IMG_20251109_135234-r-scaled.jpg 1580w\" sizes=\"auto, (max-width: 632px) 100vw, 632px\" \/><\/figure><div class=\"wp-block-media-text__content\">\n<div class=\"wp-block-group\"><div class=\"wp-block-group__inner-container is-layout-constrained wp-block-group-is-layout-constrained\">\n<p style=\"font-size:12px\">2042 est issue de la recherche <em>Mati\u00e8res plastiques<\/em>,<em> <\/em>un projet d\u00e9velopp\u00e9 en collaboration avec le laboratoire de l&rsquo;ABTE &#8211; Universit\u00e9 de Caen et Le D\u00f4me autour du programme Des g\u00e9n\u00e9rations plastiques. La recherche est soutenue par l&rsquo;Universit\u00e9 de Caen. <br><br>Avril et mai 2025, r\u00e9sidence au laboratoire de l&rsquo;ABTE, Universit\u00e9 de Caen Campus 2<br>Octobre 2025 \u00e0 mars 2026, \u00e9changes avec les \u00e9tudiant\u00b7es, Universit\u00e9 de Caen Campus 1 Maison de l\u2019\u00e9tudiant\u00b7e. <br>Avril et mai 2026, cr\u00e9ation aux Ateliers interm\u00e9diaires Caen <\/p>\n\n\n\n<p style=\"font-size:12px\">Pr\u00e9sentation d&rsquo;\u00e9tapes de travail : 19 janvier 2026, AG de l\u2019ABTE Caen ; 4 f\u00e9vrier 2026, Alors \u00e7a se d\u00e9grade ? Le D\u00f4me Caen ; 9 avril 2026, Turfu festival, Le D\u00f4me Caen<br><\/p>\n<\/div><\/div>\n<\/div><\/div>\n\n\n\n<p class=\"has-small-font-size\"><strong>Aussi dans la recherche-cr\u00e9ation Mati\u00e8res Plastiques :<\/strong><br>>> <a href=\"https:\/\/helenegugenheim.com\/?page_id=6221\">voici P_<\/a><br>>> <a href=\"https:\/\/helenegugenheim.com\/?page_id=6121\">Pythie<\/a><br>>> <a href=\"https:\/\/helenegugenheim.com\/?page_id=6473\">Petit Peuple<\/a><\/p>\n","protected":false},"excerpt":{"rendered":"<p>En 2042, nous les humains, nous avons arr\u00eat\u00e9 la pollution plastique. La performance fait exister un futur possible dans lequel nous nous sommes enfin extrait\u00b7es de l\u2019id\u00e9e de Civilisation occidentale pour rejoindre le Petit peuple. Ce changement de mode relationnel entre humains, mais aussi avec les autres vivants, entra\u00eene une fabrique collective plus heureuse de &hellip; <a href=\"https:\/\/helenegugenheim.com\/\" class=\"more-link\">Continuer la lecture de <span class=\"screen-reader-text\">2042<\/span><\/a><\/p>\n","protected":false},"author":1,"featured_media":0,"parent":0,"menu_order":0,"comment_status":"closed","ping_status":"closed","template":"","meta":{"footnotes":""},"class_list":["post-6520","page","type-page","status-publish","hentry"],"_links":{"self":[{"href":"https:\/\/helenegugenheim.com\/index.php?rest_route=\/wp\/v2\/pages\/6520","targetHints":{"allow":["GET"]}}],"collection":[{"href":"https:\/\/helenegugenheim.com\/index.php?rest_route=\/wp\/v2\/pages"}],"about":[{"href":"https:\/\/helenegugenheim.com\/index.php?rest_route=\/wp\/v2\/types\/page"}],"author":[{"embeddable":true,"href":"https:\/\/helenegugenheim.com\/index.php?rest_route=\/wp\/v2\/users\/1"}],"replies":[{"embeddable":true,"href":"https:\/\/helenegugenheim.com\/index.php?rest_route=%2Fwp%2Fv2%2Fcomments&post=6520"}],"version-history":[{"count":10,"href":"https:\/\/helenegugenheim.com\/index.php?rest_route=\/wp\/v2\/pages\/6520\/revisions"}],"predecessor-version":[{"id":6530,"href":"https:\/\/helenegugenheim.com\/index.php?rest_route=\/wp\/v2\/pages\/6520\/revisions\/6530"}],"wp:attachment":[{"href":"https:\/\/helenegugenheim.com\/index.php?rest_route=%2Fwp%2Fv2%2Fmedia&parent=6520"}],"curies":[{"name":"wp","href":"https:\/\/api.w.org\/{rel}","templated":true}]}}